{"id":5577,"date":"2023-09-06T12:39:55","date_gmt":"2023-09-06T10:39:55","guid":{"rendered":"https:\/\/www.hsteiner.at\/?page_id=5577"},"modified":"2024-09-10T14:05:02","modified_gmt":"2024-09-10T12:05:02","slug":"sturmstandl-2023","status":"publish","type":"page","link":"https:\/\/www.brunnenfeldfroesche.at\/bffs\/sturmstandl-2023\/","title":{"rendered":"Sturmstandl-2023"},"content":{"rendered":"\t\t<div data-elementor-type=\"wp-page\" data-elementor-id=\"5577\" class=\"elementor elementor-5577\" data-elementor-settings=\"{&quot;ha_cmc_init_switcher&quot;:&quot;no&quot;}\" data-elementor-post-type=\"page\">\n\t\t\t\t<div class=\"elementor-element elementor-element-0d20420 e-flex e-con-boxed e-con e-parent\" data-id=\"0d20420\" data-element_type=\"container\" data-e-type=\"container\" data-settings=\"{&quot;_ha_eqh_enable&quot;:false}\">\n\t\t\t\t\t<div class=\"e-con-inner\">\n\t\t\t\t<div class=\"elementor-element elementor-element-779e697 elementor-widget elementor-widget-heading\" data-id=\"779e697\" data-element_type=\"widget\" data-e-type=\"widget\" data-widget_type=\"heading.default\">\n\t\t\t\t<div class=\"elementor-widget-container\">\n\t\t\t\t\t<h2 class=\"elementor-heading-title elementor-size-default\">Sturmstandl-2023<\/h2>\t\t\t\t<\/div>\n\t\t\t\t<\/div>\n\t\t\t\t<div class=\"elementor-element elementor-element-8d87e16 elementor-widget elementor-widget-heading\" data-id=\"8d87e16\" data-element_type=\"widget\" data-e-type=\"widget\" data-widget_type=\"heading.default\">\n\t\t\t\t<div class=\"elementor-widget-container\">\n\t\t\t\t\t<h2 class=\"elementor-heading-title elementor-size-default\">Vorfreude auf das n\u00e4chste Fest<\/h2>\t\t\t\t<\/div>\n\t\t\t\t<\/div>\n\t\t\t\t<div class=\"elementor-element elementor-element-639be69 elementor-widget elementor-widget-text-editor\" data-id=\"639be69\" data-element_type=\"widget\" data-e-type=\"widget\" data-widget_type=\"text-editor.default\">\n\t\t\t\t<div class=\"elementor-widget-container\">\n\t\t\t\t\t\t\t\t\t<p><span class=\"x193iq5w xeuugli x13faqbe x1vvkbs x1xmvt09 x1lliihq x1s928wv xhkezso x1gmr53x x1cpjm7i x1fgarty x1943h6x xudqn12 x3x7a5m x6prxxf xvq8zen xo1l8bm xzsf02u\" dir=\"auto\">Wir k\u00f6nnen es kaum erwarten, wieder mit euch zusammenzukommen und die wunderbare Atmosph\u00e4re am Ende der Brunnenfeldstra\u00dfe 64 zu genie\u00dfen.<\/span><\/p><p><span class=\"x193iq5w xeuugli x13faqbe x1vvkbs x1xmvt09 x1lliihq x1s928wv xhkezso x1gmr53x x1cpjm7i x1fgarty x1943h6x xudqn12 x3x7a5m x6prxxf xvq8zen xo1l8bm xzsf02u\" dir=\"auto\"> Dort, wo die Brunnenfeldfr\u00f6sche quaken und der Sturmstand uns mit seinem Charme verzaubert.<\/span><\/p><p>Es gibt nichts Sch\u00f6neres, als gemeinsam bei atemberaubenden Sonnenunterg\u00e4ngen zu sein und dabei den Sturm und Most zu kosten. Und nat\u00fcrlich d\u00fcrfen dabei die k\u00f6stlichen Speckbrote, verhackert und Schmalzbrote nicht fehlen.<\/p><p>Wir k\u00f6nnen es kaum erwarten, euch alle wiederzusehen und gemeinsam eine gro\u00dfartige Zeit zu haben.<\/p>\t\t\t\t\t\t\t\t<\/div>\n\t\t\t\t<\/div>\n\t\t\t\t<div class=\"elementor-element elementor-element-dc0323d elementor-widget elementor-widget-image\" data-id=\"dc0323d\" data-element_type=\"widget\" data-e-type=\"widget\" data-widget_type=\"image.default\">\n\t\t\t\t<div class=\"elementor-widget-container\">\n\t\t\t\t\t\t\t\t\t\t\t\t\t\t\t<img fetchpriority=\"high\" decoding=\"async\" width=\"557\" height=\"795\" src=\"https:\/\/www.brunnenfeldfroesche.at\/bffs\/wp-content\/uploads\/2023\/09\/Sturmstand_2023.jpg\" class=\"attachment-large size-large wp-image-5579\" alt=\"\" srcset=\"https:\/\/www.brunnenfeldfroesche.at\/bffs\/wp-content\/uploads\/2023\/09\/Sturmstand_2023.jpg 557w, https:\/\/www.brunnenfeldfroesche.at\/bffs\/wp-content\/uploads\/2023\/09\/Sturmstand_2023-210x300.jpg 210w, https:\/\/www.brunnenfeldfroesche.at\/bffs\/wp-content\/uploads\/2023\/09\/Sturmstand_2023-105x150.jpg 105w\" sizes=\"(max-width: 557px) 100vw, 557px\">\t\t\t\t\t\t\t\t\t\t\t\t\t\t\t<\/div>\n\t\t\t\t<\/div>\n\t\t\t\t\t<\/div>\n\t\t\t\t<\/div>\n\t\t\t\t<\/div>\n\t\t","protected":false},"excerpt":{"rendered":"<p>Sturmstandl-2023 Vorfreude auf das n\u00e4chste Fest Wir k\u00f6nnen es kaum erwarten, wieder mit euch zusammenzukommen und die wunderbare Atmosph\u00e4re am Ende der Brunnenfeldstra\u00dfe 64 zu genie\u00dfen. Dort, wo die Brunnenfeldfr\u00f6sche quaken und der Sturmstand uns mit seinem Charme verzaubert. Es gibt nichts Sch\u00f6neres, als gemeinsam bei atemberaubenden Sonnenunterg\u00e4ngen zu sein und dabei den Sturm und [&hellip;]<\/p>\n","protected":false},"author":4,"featured_media":0,"parent":0,"menu_order":0,"comment_status":"closed","ping_status":"closed","template":"","meta":{"footnotes":""},"class_list":["post-5577","page","type-page","status-publish","hentry"],"_links":{"self":[{"href":"https:\/\/www.brunnenfeldfroesche.at\/bffs\/wp-json\/wp\/v2\/pages\/5577","targetHints":{"allow":["GET"]}}],"collection":[{"href":"https:\/\/www.brunnenfeldfroesche.at\/bffs\/wp-json\/wp\/v2\/pages"}],"about":[{"href":"https:\/\/www.brunnenfeldfroesche.at\/bffs\/wp-json\/wp\/v2\/types\/page"}],"author":[{"embeddable":true,"href":"https:\/\/www.brunnenfeldfroesche.at\/bffs\/wp-json\/wp\/v2\/users\/4"}],"replies":[{"embeddable":true,"href":"https:\/\/www.brunnenfeldfroesche.at\/bffs\/wp-json\/wp\/v2\/comments?post=5577"}],"version-history":[{"count":0,"href":"https:\/\/www.brunnenfeldfroesche.at\/bffs\/wp-json\/wp\/v2\/pages\/5577\/revisions"}],"wp:attachment":[{"href":"https:\/\/www.brunnenfeldfroesche.at\/bffs\/wp-json\/wp\/v2\/media?parent=5577"}],"curies":[{"name":"wp","href":"https:\/\/api.w.org\/{rel}","templated":true}]}}