{"id":105,"date":"2021-02-02T15:43:27","date_gmt":"2021-02-02T14:43:27","guid":{"rendered":"http:\/\/www.hsteiner.at\/?page_id=105"},"modified":"2026-02-12T10:54:29","modified_gmt":"2026-02-12T09:54:29","slug":"strassenfest-2019-wie-alles-begann","status":"publish","type":"page","link":"https:\/\/www.brunnenfeldfroesche.at\/bffs\/strassenfest-2019-wie-alles-begann\/","title":{"rendered":"Stra\u00dfenfest 2019 &#8211; Wie alles begann"},"content":{"rendered":"\t\t<div data-elementor-type=\"wp-page\" data-elementor-id=\"105\" class=\"elementor elementor-105\" data-elementor-settings=\"{&quot;ha_cmc_init_switcher&quot;:&quot;no&quot;}\" data-elementor-post-type=\"page\">\n\t\t\t\t<div class=\"elementor-element elementor-element-d9a789e e-flex e-con-boxed e-con e-parent\" data-id=\"d9a789e\" data-element_type=\"container\" data-e-type=\"container\" data-settings=\"{&quot;_ha_eqh_enable&quot;:false}\">\n\t\t\t\t\t<div class=\"e-con-inner\">\n\t\t<div class=\"elementor-element elementor-element-5273840 e-con-full e-flex e-con e-child\" data-id=\"5273840\" data-element_type=\"container\" data-e-type=\"container\" data-settings=\"{&quot;_ha_eqh_enable&quot;:false}\">\n\t\t\t\t<div class=\"elementor-element elementor-element-ec6c6ef elementor-widget elementor-widget-heading\" data-id=\"ec6c6ef\" data-element_type=\"widget\" data-e-type=\"widget\" data-widget_type=\"heading.default\">\n\t\t\t\t<div class=\"elementor-widget-container\">\n\t\t\t\t\t<h2 class=\"elementor-heading-title elementor-size-default\">Fr\u00f6sche feiern am Brunnenfeld<\/h2>\t\t\t\t<\/div>\n\t\t\t\t<\/div>\n\t\t\t\t<div class=\"elementor-element elementor-element-6b0a4aa elementor-widget__width-initial elementor-widget elementor-widget-text-editor\" data-id=\"6b0a4aa\" data-element_type=\"widget\" data-e-type=\"widget\" data-widget_type=\"text-editor.default\">\n\t\t\t\t<div class=\"elementor-widget-container\">\n\t\t\t\t\t\t\t\t\t\n<p><span style=\"color: #000000;\"><\/span><\/p>\n<h5>Stra\u00dfenfest 2019 &#8211; Wie alles begann<\/h5>\n<p><span style=\"color: #000000;\">Bei einigen Bewohnern der Brunnenfeldstra\u00dfe in Sollenau reifte im Fr\u00fchjahr der Plan, mit einem Grillfest die (teils neuen) Nachbarn besser kennen zu lernen und so den Zusammenhalt zu st\u00e4rken. <\/span><\/p>\n<p><span style=\"color: #000000;\">Was als kleine Grillerei geplant war endete in einem Stra\u00dfenfest f\u00fcr den ganzen Ort. Sogar ein eigener Verein wurde daf\u00fcr gegr\u00fcndet \u2013 die Brunnenfeld Fr\u00f6sche. Bei Livemusik, Bratw\u00fcrsteln und Cocktails wurde bis sp\u00e4t in der Nacht gefeiert. <\/span><\/p>\n<p><span style=\"color: #000000;\">Am n\u00e4chsten Tag wurden dann noch \u00fcbrig gebliebenes Essen an die Bewohner der Brunnenfeldsiedlung kostenlos verteilt.<\/span><\/p>\n<p><span style=\"color: #000000;\"><\/span><\/p>\n<p><span style=\"color: #000000;\">Wir hoffen sehr, dass es im Jahr 2021 wieder m\u00f6glich sein wird ein Stra\u00dfenfest zu veranstalten.<\/span><\/p>\n<p><span style=\"color: #000000;\"><\/span><\/p>\n\n<figure class=\"wp-block-gallery has-nested-images columns-default is-cropped wp-block-gallery-2 is-layout-flex wp-block-gallery-is-layout-flex\"><\/figure>\n\t\t\t\t\t\t\t\t<\/div>\n\t\t\t\t<\/div>\n\t\t\t\t<\/div>\n\t\t\t\t\t<\/div>\n\t\t\t\t<\/div>\n\t\t<div class=\"elementor-element elementor-element-a25c395 e-flex e-con-boxed e-con e-parent\" data-id=\"a25c395\" data-element_type=\"container\" data-e-type=\"container\" data-settings=\"{&quot;_ha_eqh_enable&quot;:false}\">\n\t\t\t\t\t<div class=\"e-con-inner\">\n\t\t\t\t<div class=\"elementor-element elementor-element-7cbded8 elementor-widget elementor-widget-gallery\" data-id=\"7cbded8\" data-element_type=\"widget\" data-e-type=\"widget\" data-settings=\"{&quot;gallery_layout&quot;:&quot;masonry&quot;,&quot;lazyload&quot;:&quot;yes&quot;,&quot;columns&quot;:4,&quot;columns_tablet&quot;:2,&quot;columns_mobile&quot;:1,&quot;gap&quot;:{&quot;unit&quot;:&quot;px&quot;,&quot;size&quot;:10,&quot;sizes&quot;:[]},&quot;gap_laptop&quot;:{&quot;unit&quot;:&quot;px&quot;,&quot;size&quot;:10,&quot;sizes&quot;:[]},&quot;gap_tablet_extra&quot;:{&quot;unit&quot;:&quot;px&quot;,&quot;size&quot;:10,&quot;sizes&quot;:[]},&quot;gap_tablet&quot;:{&quot;unit&quot;:&quot;px&quot;,&quot;size&quot;:10,&quot;sizes&quot;:[]},&quot;gap_mobile&quot;:{&quot;unit&quot;:&quot;px&quot;,&quot;size&quot;:10,&quot;sizes&quot;:[]},&quot;link_to&quot;:&quot;file&quot;,&quot;overlay_background&quot;:&quot;yes&quot;,&quot;content_hover_animation&quot;:&quot;fade-in&quot;}\" data-widget_type=\"gallery.default\">\n\t\t\t\t<div class=\"elementor-widget-container\">\n\t\t\t\t\t\t\t<div class=\"elementor-gallery__container\">\n\t\t\t\t\t\t\t<a class=\"e-gallery-item elementor-gallery-item elementor-animated-content\" href=\"https:\/\/www.brunnenfeldfroesche.at\/bffs\/wp-content\/uploads\/2021\/02\/Sommerfest2019_004.jpg\" data-elementor-open-lightbox=\"yes\" data-elementor-lightbox-slideshow=\"7cbded8\" data-elementor-lightbox-title=\"Sommerfest2019_004\" data-e-action-hash=\"#elementor-action%3Aaction%3Dlightbox%26settings%3DeyJpZCI6MTA3LCJ1cmwiOiJodHRwczpcL1wvd3d3LmJydW5uZW5mZWxkZnJvZXNjaGUuYXRcL2JmZnNcL3dwLWNvbnRlbnRcL3VwbG9hZHNcLzIwMjFcLzAyXC9Tb21tZXJmZXN0MjAxOV8wMDQuanBnIiwic2xpZGVzaG93IjoiN2NiZGVkOCJ9\">\n\t\t\t\t\t<div class=\"e-gallery-image elementor-gallery-item__image\" data-thumbnail=\"https:\/\/www.brunnenfeldfroesche.at\/bffs\/wp-content\/uploads\/2021\/02\/Sommerfest2019_004.jpg\" data-width=\"400\" data-height=\"267\" aria-label=\"\" role=\"img\" ><\/div>\n\t\t\t\t\t\t\t\t\t\t\t<div class=\"elementor-gallery-item__overlay\"><\/div>\n\t\t\t\t\t\t\t\t\t\t\t\t\t\t<\/a>\n\t\t\t\t\t\t\t<a class=\"e-gallery-item elementor-gallery-item elementor-animated-content\" href=\"https:\/\/www.brunnenfeldfroesche.at\/bffs\/wp-content\/uploads\/2021\/02\/Sommerfest2019_005.jpg\" data-elementor-open-lightbox=\"yes\" data-elementor-lightbox-slideshow=\"7cbded8\" data-elementor-lightbox-title=\"Sommerfest2019_005\" data-e-action-hash=\"#elementor-action%3Aaction%3Dlightbox%26settings%3DeyJpZCI6MTA5LCJ1cmwiOiJodHRwczpcL1wvd3d3LmJydW5uZW5mZWxkZnJvZXNjaGUuYXRcL2JmZnNcL3dwLWNvbnRlbnRcL3VwbG9hZHNcLzIwMjFcLzAyXC9Tb21tZXJmZXN0MjAxOV8wMDUuanBnIiwic2xpZGVzaG93IjoiN2NiZGVkOCJ9\">\n\t\t\t\t\t<div class=\"e-gallery-image elementor-gallery-item__image\" data-thumbnail=\"https:\/\/www.brunnenfeldfroesche.at\/bffs\/wp-content\/uploads\/2021\/02\/Sommerfest2019_005.jpg\" data-width=\"400\" data-height=\"267\" aria-label=\"\" role=\"img\" ><\/div>\n\t\t\t\t\t\t\t\t\t\t\t<div class=\"elementor-gallery-item__overlay\"><\/div>\n\t\t\t\t\t\t\t\t\t\t\t\t\t\t<\/a>\n\t\t\t\t\t\t\t<a class=\"e-gallery-item elementor-gallery-item elementor-animated-content\" href=\"https:\/\/www.brunnenfeldfroesche.at\/bffs\/wp-content\/uploads\/2021\/02\/Sommerfest2019_007.jpg\" data-elementor-open-lightbox=\"yes\" data-elementor-lightbox-slideshow=\"7cbded8\" data-elementor-lightbox-title=\"Sommerfest2019_007\" data-e-action-hash=\"#elementor-action%3Aaction%3Dlightbox%26settings%3DeyJpZCI6MTExLCJ1cmwiOiJodHRwczpcL1wvd3d3LmJydW5uZW5mZWxkZnJvZXNjaGUuYXRcL2JmZnNcL3dwLWNvbnRlbnRcL3VwbG9hZHNcLzIwMjFcLzAyXC9Tb21tZXJmZXN0MjAxOV8wMDcuanBnIiwic2xpZGVzaG93IjoiN2NiZGVkOCJ9\">\n\t\t\t\t\t<div class=\"e-gallery-image elementor-gallery-item__image\" data-thumbnail=\"https:\/\/www.brunnenfeldfroesche.at\/bffs\/wp-content\/uploads\/2021\/02\/Sommerfest2019_007.jpg\" data-width=\"400\" data-height=\"600\" aria-label=\"\" role=\"img\" ><\/div>\n\t\t\t\t\t\t\t\t\t\t\t<div class=\"elementor-gallery-item__overlay\"><\/div>\n\t\t\t\t\t\t\t\t\t\t\t\t\t\t<\/a>\n\t\t\t\t\t\t\t<a class=\"e-gallery-item elementor-gallery-item elementor-animated-content\" href=\"https:\/\/www.brunnenfeldfroesche.at\/bffs\/wp-content\/uploads\/2021\/02\/Sommerfest2019_006.jpg\" data-elementor-open-lightbox=\"yes\" data-elementor-lightbox-slideshow=\"7cbded8\" data-elementor-lightbox-title=\"Sommerfest2019_006\" data-e-action-hash=\"#elementor-action%3Aaction%3Dlightbox%26settings%3DeyJpZCI6MTEwLCJ1cmwiOiJodHRwczpcL1wvd3d3LmJydW5uZW5mZWxkZnJvZXNjaGUuYXRcL2JmZnNcL3dwLWNvbnRlbnRcL3VwbG9hZHNcLzIwMjFcLzAyXC9Tb21tZXJmZXN0MjAxOV8wMDYuanBnIiwic2xpZGVzaG93IjoiN2NiZGVkOCJ9\">\n\t\t\t\t\t<div class=\"e-gallery-image elementor-gallery-item__image\" data-thumbnail=\"https:\/\/www.brunnenfeldfroesche.at\/bffs\/wp-content\/uploads\/2021\/02\/Sommerfest2019_006.jpg\" data-width=\"400\" data-height=\"267\" aria-label=\"\" role=\"img\" ><\/div>\n\t\t\t\t\t\t\t\t\t\t\t<div class=\"elementor-gallery-item__overlay\"><\/div>\n\t\t\t\t\t\t\t\t\t\t\t\t\t\t<\/a>\n\t\t\t\t\t\t\t<a class=\"e-gallery-item elementor-gallery-item elementor-animated-content\" href=\"https:\/\/www.brunnenfeldfroesche.at\/bffs\/wp-content\/uploads\/2021\/02\/Sommerfest2019_008.jpg\" data-elementor-open-lightbox=\"yes\" data-elementor-lightbox-slideshow=\"7cbded8\" data-elementor-lightbox-title=\"Sommerfest2019_008\" data-e-action-hash=\"#elementor-action%3Aaction%3Dlightbox%26settings%3DeyJpZCI6MTEyLCJ1cmwiOiJodHRwczpcL1wvd3d3LmJydW5uZW5mZWxkZnJvZXNjaGUuYXRcL2JmZnNcL3dwLWNvbnRlbnRcL3VwbG9hZHNcLzIwMjFcLzAyXC9Tb21tZXJmZXN0MjAxOV8wMDguanBnIiwic2xpZGVzaG93IjoiN2NiZGVkOCJ9\">\n\t\t\t\t\t<div class=\"e-gallery-image elementor-gallery-item__image\" data-thumbnail=\"https:\/\/www.brunnenfeldfroesche.at\/bffs\/wp-content\/uploads\/2021\/02\/Sommerfest2019_008.jpg\" data-width=\"400\" data-height=\"600\" aria-label=\"\" role=\"img\" ><\/div>\n\t\t\t\t\t\t\t\t\t\t\t<div class=\"elementor-gallery-item__overlay\"><\/div>\n\t\t\t\t\t\t\t\t\t\t\t\t\t\t<\/a>\n\t\t\t\t\t\t\t<a class=\"e-gallery-item elementor-gallery-item elementor-animated-content\" href=\"https:\/\/www.brunnenfeldfroesche.at\/bffs\/wp-content\/uploads\/2021\/02\/Sommerfest2019_010.jpg\" data-elementor-open-lightbox=\"yes\" data-elementor-lightbox-slideshow=\"7cbded8\" data-elementor-lightbox-title=\"Sommerfest2019_010\" data-e-action-hash=\"#elementor-action%3Aaction%3Dlightbox%26settings%3DeyJpZCI6MTE0LCJ1cmwiOiJodHRwczpcL1wvd3d3LmJydW5uZW5mZWxkZnJvZXNjaGUuYXRcL2JmZnNcL3dwLWNvbnRlbnRcL3VwbG9hZHNcLzIwMjFcLzAyXC9Tb21tZXJmZXN0MjAxOV8wMTAuanBnIiwic2xpZGVzaG93IjoiN2NiZGVkOCJ9\">\n\t\t\t\t\t<div class=\"e-gallery-image elementor-gallery-item__image\" data-thumbnail=\"https:\/\/www.brunnenfeldfroesche.at\/bffs\/wp-content\/uploads\/2021\/02\/Sommerfest2019_010.jpg\" data-width=\"400\" data-height=\"267\" aria-label=\"\" role=\"img\" ><\/div>\n\t\t\t\t\t\t\t\t\t\t\t<div class=\"elementor-gallery-item__overlay\"><\/div>\n\t\t\t\t\t\t\t\t\t\t\t\t\t\t<\/a>\n\t\t\t\t\t\t\t<a class=\"e-gallery-item elementor-gallery-item elementor-animated-content\" href=\"https:\/\/www.brunnenfeldfroesche.at\/bffs\/wp-content\/uploads\/2021\/02\/Sommerfest2019_009.jpg\" data-elementor-open-lightbox=\"yes\" data-elementor-lightbox-slideshow=\"7cbded8\" data-elementor-lightbox-title=\"Sommerfest2019_009\" data-e-action-hash=\"#elementor-action%3Aaction%3Dlightbox%26settings%3DeyJpZCI6MTEzLCJ1cmwiOiJodHRwczpcL1wvd3d3LmJydW5uZW5mZWxkZnJvZXNjaGUuYXRcL2JmZnNcL3dwLWNvbnRlbnRcL3VwbG9hZHNcLzIwMjFcLzAyXC9Tb21tZXJmZXN0MjAxOV8wMDkuanBnIiwic2xpZGVzaG93IjoiN2NiZGVkOCJ9\">\n\t\t\t\t\t<div class=\"e-gallery-image elementor-gallery-item__image\" data-thumbnail=\"https:\/\/www.brunnenfeldfroesche.at\/bffs\/wp-content\/uploads\/2021\/02\/Sommerfest2019_009.jpg\" data-width=\"400\" data-height=\"267\" aria-label=\"\" role=\"img\" ><\/div>\n\t\t\t\t\t\t\t\t\t\t\t<div class=\"elementor-gallery-item__overlay\"><\/div>\n\t\t\t\t\t\t\t\t\t\t\t\t\t\t<\/a>\n\t\t\t\t\t\t\t<a class=\"e-gallery-item elementor-gallery-item elementor-animated-content\" href=\"https:\/\/www.brunnenfeldfroesche.at\/bffs\/wp-content\/uploads\/2021\/02\/Sommerfest2019_011.jpg\" data-elementor-open-lightbox=\"yes\" data-elementor-lightbox-slideshow=\"7cbded8\" data-elementor-lightbox-title=\"Sommerfest2019_011\" data-e-action-hash=\"#elementor-action%3Aaction%3Dlightbox%26settings%3DeyJpZCI6MTE1LCJ1cmwiOiJodHRwczpcL1wvd3d3LmJydW5uZW5mZWxkZnJvZXNjaGUuYXRcL2JmZnNcL3dwLWNvbnRlbnRcL3VwbG9hZHNcLzIwMjFcLzAyXC9Tb21tZXJmZXN0MjAxOV8wMTEuanBnIiwic2xpZGVzaG93IjoiN2NiZGVkOCJ9\">\n\t\t\t\t\t<div class=\"e-gallery-image elementor-gallery-item__image\" data-thumbnail=\"https:\/\/www.brunnenfeldfroesche.at\/bffs\/wp-content\/uploads\/2021\/02\/Sommerfest2019_011.jpg\" data-width=\"400\" data-height=\"267\" aria-label=\"\" role=\"img\" ><\/div>\n\t\t\t\t\t\t\t\t\t\t\t<div class=\"elementor-gallery-item__overlay\"><\/div>\n\t\t\t\t\t\t\t\t\t\t\t\t\t\t<\/a>\n\t\t\t\t\t\t\t<a class=\"e-gallery-item elementor-gallery-item elementor-animated-content\" href=\"https:\/\/www.brunnenfeldfroesche.at\/bffs\/wp-content\/uploads\/2021\/02\/Sommerfest2019_013.jpg\" data-elementor-open-lightbox=\"yes\" data-elementor-lightbox-slideshow=\"7cbded8\" data-elementor-lightbox-title=\"Sommerfest2019_013\" data-e-action-hash=\"#elementor-action%3Aaction%3Dlightbox%26settings%3DeyJpZCI6MTE3LCJ1cmwiOiJodHRwczpcL1wvd3d3LmJydW5uZW5mZWxkZnJvZXNjaGUuYXRcL2JmZnNcL3dwLWNvbnRlbnRcL3VwbG9hZHNcLzIwMjFcLzAyXC9Tb21tZXJmZXN0MjAxOV8wMTMuanBnIiwic2xpZGVzaG93IjoiN2NiZGVkOCJ9\">\n\t\t\t\t\t<div class=\"e-gallery-image elementor-gallery-item__image\" data-thumbnail=\"https:\/\/www.brunnenfeldfroesche.at\/bffs\/wp-content\/uploads\/2021\/02\/Sommerfest2019_013.jpg\" data-width=\"400\" data-height=\"267\" aria-label=\"\" role=\"img\" ><\/div>\n\t\t\t\t\t\t\t\t\t\t\t<div class=\"elementor-gallery-item__overlay\"><\/div>\n\t\t\t\t\t\t\t\t\t\t\t\t\t\t<\/a>\n\t\t\t\t\t\t\t<a class=\"e-gallery-item elementor-gallery-item elementor-animated-content\" href=\"https:\/\/www.brunnenfeldfroesche.at\/bffs\/wp-content\/uploads\/2021\/02\/Sommerfest2019_012.jpg\" data-elementor-open-lightbox=\"yes\" data-elementor-lightbox-slideshow=\"7cbded8\" data-elementor-lightbox-title=\"Sommerfest2019_012\" data-e-action-hash=\"#elementor-action%3Aaction%3Dlightbox%26settings%3DeyJpZCI6MTE2LCJ1cmwiOiJodHRwczpcL1wvd3d3LmJydW5uZW5mZWxkZnJvZXNjaGUuYXRcL2JmZnNcL3dwLWNvbnRlbnRcL3VwbG9hZHNcLzIwMjFcLzAyXC9Tb21tZXJmZXN0MjAxOV8wMTIuanBnIiwic2xpZGVzaG93IjoiN2NiZGVkOCJ9\">\n\t\t\t\t\t<div class=\"e-gallery-image elementor-gallery-item__image\" data-thumbnail=\"https:\/\/www.brunnenfeldfroesche.at\/bffs\/wp-content\/uploads\/2021\/02\/Sommerfest2019_012.jpg\" data-width=\"400\" data-height=\"267\" aria-label=\"\" role=\"img\" ><\/div>\n\t\t\t\t\t\t\t\t\t\t\t<div class=\"elementor-gallery-item__overlay\"><\/div>\n\t\t\t\t\t\t\t\t\t\t\t\t\t\t<\/a>\n\t\t\t\t\t\t\t<a class=\"e-gallery-item elementor-gallery-item elementor-animated-content\" href=\"https:\/\/www.brunnenfeldfroesche.at\/bffs\/wp-content\/uploads\/2021\/02\/Sommerfest2019_014.jpg\" data-elementor-open-lightbox=\"yes\" data-elementor-lightbox-slideshow=\"7cbded8\" data-elementor-lightbox-title=\"Sommerfest2019_014\" data-e-action-hash=\"#elementor-action%3Aaction%3Dlightbox%26settings%3DeyJpZCI6MTE4LCJ1cmwiOiJodHRwczpcL1wvd3d3LmJydW5uZW5mZWxkZnJvZXNjaGUuYXRcL2JmZnNcL3dwLWNvbnRlbnRcL3VwbG9hZHNcLzIwMjFcLzAyXC9Tb21tZXJmZXN0MjAxOV8wMTQuanBnIiwic2xpZGVzaG93IjoiN2NiZGVkOCJ9\">\n\t\t\t\t\t<div class=\"e-gallery-image elementor-gallery-item__image\" data-thumbnail=\"https:\/\/www.brunnenfeldfroesche.at\/bffs\/wp-content\/uploads\/2021\/02\/Sommerfest2019_014.jpg\" data-width=\"400\" data-height=\"267\" aria-label=\"\" role=\"img\" ><\/div>\n\t\t\t\t\t\t\t\t\t\t\t<div class=\"elementor-gallery-item__overlay\"><\/div>\n\t\t\t\t\t\t\t\t\t\t\t\t\t\t<\/a>\n\t\t\t\t\t\t\t<a class=\"e-gallery-item elementor-gallery-item elementor-animated-content\" href=\"https:\/\/www.brunnenfeldfroesche.at\/bffs\/wp-content\/uploads\/2021\/02\/Sommerfest2019_015.jpg\" data-elementor-open-lightbox=\"yes\" data-elementor-lightbox-slideshow=\"7cbded8\" data-elementor-lightbox-title=\"Sommerfest2019_015\" data-e-action-hash=\"#elementor-action%3Aaction%3Dlightbox%26settings%3DeyJpZCI6MTE5LCJ1cmwiOiJodHRwczpcL1wvd3d3LmJydW5uZW5mZWxkZnJvZXNjaGUuYXRcL2JmZnNcL3dwLWNvbnRlbnRcL3VwbG9hZHNcLzIwMjFcLzAyXC9Tb21tZXJmZXN0MjAxOV8wMTUuanBnIiwic2xpZGVzaG93IjoiN2NiZGVkOCJ9\">\n\t\t\t\t\t<div class=\"e-gallery-image elementor-gallery-item__image\" data-thumbnail=\"https:\/\/www.brunnenfeldfroesche.at\/bffs\/wp-content\/uploads\/2021\/02\/Sommerfest2019_015.jpg\" data-width=\"400\" data-height=\"600\" aria-label=\"\" role=\"img\" ><\/div>\n\t\t\t\t\t\t\t\t\t\t\t<div class=\"elementor-gallery-item__overlay\"><\/div>\n\t\t\t\t\t\t\t\t\t\t\t\t\t\t<\/a>\n\t\t\t\t\t\t\t<a class=\"e-gallery-item elementor-gallery-item elementor-animated-content\" href=\"https:\/\/www.brunnenfeldfroesche.at\/bffs\/wp-content\/uploads\/2021\/02\/Sommerfest2019_017.jpg\" data-elementor-open-lightbox=\"yes\" data-elementor-lightbox-slideshow=\"7cbded8\" data-elementor-lightbox-title=\"Sommerfest2019_017\" data-e-action-hash=\"#elementor-action%3Aaction%3Dlightbox%26settings%3DeyJpZCI6MTIxLCJ1cmwiOiJodHRwczpcL1wvd3d3LmJydW5uZW5mZWxkZnJvZXNjaGUuYXRcL2JmZnNcL3dwLWNvbnRlbnRcL3VwbG9hZHNcLzIwMjFcLzAyXC9Tb21tZXJmZXN0MjAxOV8wMTcuanBnIiwic2xpZGVzaG93IjoiN2NiZGVkOCJ9\">\n\t\t\t\t\t<div class=\"e-gallery-image elementor-gallery-item__image\" data-thumbnail=\"https:\/\/www.brunnenfeldfroesche.at\/bffs\/wp-content\/uploads\/2021\/02\/Sommerfest2019_017.jpg\" data-width=\"400\" data-height=\"267\" aria-label=\"\" role=\"img\" ><\/div>\n\t\t\t\t\t\t\t\t\t\t\t<div class=\"elementor-gallery-item__overlay\"><\/div>\n\t\t\t\t\t\t\t\t\t\t\t\t\t\t<\/a>\n\t\t\t\t\t\t\t<a class=\"e-gallery-item elementor-gallery-item elementor-animated-content\" href=\"https:\/\/www.brunnenfeldfroesche.at\/bffs\/wp-content\/uploads\/2021\/02\/Sommerfest2019_016.jpg\" data-elementor-open-lightbox=\"yes\" data-elementor-lightbox-slideshow=\"7cbded8\" data-elementor-lightbox-title=\"Sommerfest2019_016\" data-e-action-hash=\"#elementor-action%3Aaction%3Dlightbox%26settings%3DeyJpZCI6MTIwLCJ1cmwiOiJodHRwczpcL1wvd3d3LmJydW5uZW5mZWxkZnJvZXNjaGUuYXRcL2JmZnNcL3dwLWNvbnRlbnRcL3VwbG9hZHNcLzIwMjFcLzAyXC9Tb21tZXJmZXN0MjAxOV8wMTYuanBnIiwic2xpZGVzaG93IjoiN2NiZGVkOCJ9\">\n\t\t\t\t\t<div class=\"e-gallery-image elementor-gallery-item__image\" data-thumbnail=\"https:\/\/www.brunnenfeldfroesche.at\/bffs\/wp-content\/uploads\/2021\/02\/Sommerfest2019_016.jpg\" data-width=\"400\" data-height=\"600\" aria-label=\"\" role=\"img\" ><\/div>\n\t\t\t\t\t\t\t\t\t\t\t<div class=\"elementor-gallery-item__overlay\"><\/div>\n\t\t\t\t\t\t\t\t\t\t\t\t\t\t<\/a>\n\t\t\t\t\t\t\t<a class=\"e-gallery-item elementor-gallery-item elementor-animated-content\" href=\"https:\/\/www.brunnenfeldfroesche.at\/bffs\/wp-content\/uploads\/2021\/02\/Sommerfest2019_018.jpg\" data-elementor-open-lightbox=\"yes\" data-elementor-lightbox-slideshow=\"7cbded8\" data-elementor-lightbox-title=\"Sommerfest2019_018\" data-e-action-hash=\"#elementor-action%3Aaction%3Dlightbox%26settings%3DeyJpZCI6MTIyLCJ1cmwiOiJodHRwczpcL1wvd3d3LmJydW5uZW5mZWxkZnJvZXNjaGUuYXRcL2JmZnNcL3dwLWNvbnRlbnRcL3VwbG9hZHNcLzIwMjFcLzAyXC9Tb21tZXJmZXN0MjAxOV8wMTguanBnIiwic2xpZGVzaG93IjoiN2NiZGVkOCJ9\">\n\t\t\t\t\t<div class=\"e-gallery-image elementor-gallery-item__image\" data-thumbnail=\"https:\/\/www.brunnenfeldfroesche.at\/bffs\/wp-content\/uploads\/2021\/02\/Sommerfest2019_018.jpg\" data-width=\"400\" data-height=\"267\" aria-label=\"\" role=\"img\" ><\/div>\n\t\t\t\t\t\t\t\t\t\t\t<div class=\"elementor-gallery-item__overlay\"><\/div>\n\t\t\t\t\t\t\t\t\t\t\t\t\t\t<\/a>\n\t\t\t\t\t\t\t<a class=\"e-gallery-item elementor-gallery-item elementor-animated-content\" href=\"https:\/\/www.brunnenfeldfroesche.at\/bffs\/wp-content\/uploads\/2021\/02\/Sommerfest2019_020.jpg\" data-elementor-open-lightbox=\"yes\" data-elementor-lightbox-slideshow=\"7cbded8\" data-elementor-lightbox-title=\"Sommerfest2019_020\" data-e-action-hash=\"#elementor-action%3Aaction%3Dlightbox%26settings%3DeyJpZCI6MTI0LCJ1cmwiOiJodHRwczpcL1wvd3d3LmJydW5uZW5mZWxkZnJvZXNjaGUuYXRcL2JmZnNcL3dwLWNvbnRlbnRcL3VwbG9hZHNcLzIwMjFcLzAyXC9Tb21tZXJmZXN0MjAxOV8wMjAuanBnIiwic2xpZGVzaG93IjoiN2NiZGVkOCJ9\">\n\t\t\t\t\t<div class=\"e-gallery-image elementor-gallery-item__image\" data-thumbnail=\"https:\/\/www.brunnenfeldfroesche.at\/bffs\/wp-content\/uploads\/2021\/02\/Sommerfest2019_020.jpg\" data-width=\"400\" data-height=\"267\" aria-label=\"\" role=\"img\" ><\/div>\n\t\t\t\t\t\t\t\t\t\t\t<div class=\"elementor-gallery-item__overlay\"><\/div>\n\t\t\t\t\t\t\t\t\t\t\t\t\t\t<\/a>\n\t\t\t\t\t\t\t<a class=\"e-gallery-item elementor-gallery-item elementor-animated-content\" href=\"https:\/\/www.brunnenfeldfroesche.at\/bffs\/wp-content\/uploads\/2021\/02\/Sommerfest2019_019.jpg\" data-elementor-open-lightbox=\"yes\" data-elementor-lightbox-slideshow=\"7cbded8\" data-elementor-lightbox-title=\"Sommerfest2019_019\" data-e-action-hash=\"#elementor-action%3Aaction%3Dlightbox%26settings%3DeyJpZCI6MTIzLCJ1cmwiOiJodHRwczpcL1wvd3d3LmJydW5uZW5mZWxkZnJvZXNjaGUuYXRcL2JmZnNcL3dwLWNvbnRlbnRcL3VwbG9hZHNcLzIwMjFcLzAyXC9Tb21tZXJmZXN0MjAxOV8wMTkuanBnIiwic2xpZGVzaG93IjoiN2NiZGVkOCJ9\">\n\t\t\t\t\t<div class=\"e-gallery-image elementor-gallery-item__image\" data-thumbnail=\"https:\/\/www.brunnenfeldfroesche.at\/bffs\/wp-content\/uploads\/2021\/02\/Sommerfest2019_019.jpg\" data-width=\"400\" data-height=\"267\" aria-label=\"\" role=\"img\" ><\/div>\n\t\t\t\t\t\t\t\t\t\t\t<div class=\"elementor-gallery-item__overlay\"><\/div>\n\t\t\t\t\t\t\t\t\t\t\t\t\t\t<\/a>\n\t\t\t\t\t\t\t<a class=\"e-gallery-item elementor-gallery-item elementor-animated-content\" href=\"https:\/\/www.brunnenfeldfroesche.at\/bffs\/wp-content\/uploads\/2021\/02\/Sommerfest2019_021.jpg\" data-elementor-open-lightbox=\"yes\" data-elementor-lightbox-slideshow=\"7cbded8\" data-elementor-lightbox-title=\"Sommerfest2019_021\" data-e-action-hash=\"#elementor-action%3Aaction%3Dlightbox%26settings%3DeyJpZCI6MTI1LCJ1cmwiOiJodHRwczpcL1wvd3d3LmJydW5uZW5mZWxkZnJvZXNjaGUuYXRcL2JmZnNcL3dwLWNvbnRlbnRcL3VwbG9hZHNcLzIwMjFcLzAyXC9Tb21tZXJmZXN0MjAxOV8wMjEuanBnIiwic2xpZGVzaG93IjoiN2NiZGVkOCJ9\">\n\t\t\t\t\t<div class=\"e-gallery-image elementor-gallery-item__image\" data-thumbnail=\"https:\/\/www.brunnenfeldfroesche.at\/bffs\/wp-content\/uploads\/2021\/02\/Sommerfest2019_021.jpg\" data-width=\"400\" data-height=\"267\" aria-label=\"\" role=\"img\" ><\/div>\n\t\t\t\t\t\t\t\t\t\t\t<div class=\"elementor-gallery-item__overlay\"><\/div>\n\t\t\t\t\t\t\t\t\t\t\t\t\t\t<\/a>\n\t\t\t\t\t\t\t<a class=\"e-gallery-item elementor-gallery-item elementor-animated-content\" href=\"https:\/\/www.brunnenfeldfroesche.at\/bffs\/wp-content\/uploads\/2021\/02\/Sommerfest2019_023.jpg\" data-elementor-open-lightbox=\"yes\" data-elementor-lightbox-slideshow=\"7cbded8\" data-elementor-lightbox-title=\"Sommerfest2019_023\" data-e-action-hash=\"#elementor-action%3Aaction%3Dlightbox%26settings%3DeyJpZCI6MTI3LCJ1cmwiOiJodHRwczpcL1wvd3d3LmJydW5uZW5mZWxkZnJvZXNjaGUuYXRcL2JmZnNcL3dwLWNvbnRlbnRcL3VwbG9hZHNcLzIwMjFcLzAyXC9Tb21tZXJmZXN0MjAxOV8wMjMuanBnIiwic2xpZGVzaG93IjoiN2NiZGVkOCJ9\">\n\t\t\t\t\t<div class=\"e-gallery-image elementor-gallery-item__image\" data-thumbnail=\"https:\/\/www.brunnenfeldfroesche.at\/bffs\/wp-content\/uploads\/2021\/02\/Sommerfest2019_023.jpg\" data-width=\"400\" data-height=\"267\" aria-label=\"\" role=\"img\" ><\/div>\n\t\t\t\t\t\t\t\t\t\t\t<div class=\"elementor-gallery-item__overlay\"><\/div>\n\t\t\t\t\t\t\t\t\t\t\t\t\t\t<\/a>\n\t\t\t\t\t\t\t<a class=\"e-gallery-item elementor-gallery-item elementor-animated-content\" href=\"https:\/\/www.brunnenfeldfroesche.at\/bffs\/wp-content\/uploads\/2021\/02\/Sommerfest2019_022.jpg\" data-elementor-open-lightbox=\"yes\" data-elementor-lightbox-slideshow=\"7cbded8\" data-elementor-lightbox-title=\"Sommerfest2019_022\" data-e-action-hash=\"#elementor-action%3Aaction%3Dlightbox%26settings%3DeyJpZCI6MTI2LCJ1cmwiOiJodHRwczpcL1wvd3d3LmJydW5uZW5mZWxkZnJvZXNjaGUuYXRcL2JmZnNcL3dwLWNvbnRlbnRcL3VwbG9hZHNcLzIwMjFcLzAyXC9Tb21tZXJmZXN0MjAxOV8wMjIuanBnIiwic2xpZGVzaG93IjoiN2NiZGVkOCJ9\">\n\t\t\t\t\t<div class=\"e-gallery-image elementor-gallery-item__image\" data-thumbnail=\"https:\/\/www.brunnenfeldfroesche.at\/bffs\/wp-content\/uploads\/2021\/02\/Sommerfest2019_022.jpg\" data-width=\"400\" data-height=\"267\" aria-label=\"\" role=\"img\" ><\/div>\n\t\t\t\t\t\t\t\t\t\t\t<div class=\"elementor-gallery-item__overlay\"><\/div>\n\t\t\t\t\t\t\t\t\t\t\t\t\t\t<\/a>\n\t\t\t\t\t\t\t<a class=\"e-gallery-item elementor-gallery-item elementor-animated-content\" href=\"https:\/\/www.brunnenfeldfroesche.at\/bffs\/wp-content\/uploads\/2021\/02\/Sommerfest2019_025.jpg\" data-elementor-open-lightbox=\"yes\" data-elementor-lightbox-slideshow=\"7cbded8\" data-elementor-lightbox-title=\"Sommerfest2019_025\" data-e-action-hash=\"#elementor-action%3Aaction%3Dlightbox%26settings%3DeyJpZCI6MTI5LCJ1cmwiOiJodHRwczpcL1wvd3d3LmJydW5uZW5mZWxkZnJvZXNjaGUuYXRcL2JmZnNcL3dwLWNvbnRlbnRcL3VwbG9hZHNcLzIwMjFcLzAyXC9Tb21tZXJmZXN0MjAxOV8wMjUuanBnIiwic2xpZGVzaG93IjoiN2NiZGVkOCJ9\">\n\t\t\t\t\t<div class=\"e-gallery-image elementor-gallery-item__image\" data-thumbnail=\"https:\/\/www.brunnenfeldfroesche.at\/bffs\/wp-content\/uploads\/2021\/02\/Sommerfest2019_025.jpg\" data-width=\"400\" data-height=\"267\" aria-label=\"\" role=\"img\" ><\/div>\n\t\t\t\t\t\t\t\t\t\t\t<div class=\"elementor-gallery-item__overlay\"><\/div>\n\t\t\t\t\t\t\t\t\t\t\t\t\t\t<\/a>\n\t\t\t\t\t\t\t<a class=\"e-gallery-item elementor-gallery-item elementor-animated-content\" href=\"https:\/\/www.brunnenfeldfroesche.at\/bffs\/wp-content\/uploads\/2021\/02\/Sommerfest2019_024.jpg\" data-elementor-open-lightbox=\"yes\" data-elementor-lightbox-slideshow=\"7cbded8\" data-elementor-lightbox-title=\"Sommerfest2019_024\" data-e-action-hash=\"#elementor-action%3Aaction%3Dlightbox%26settings%3DeyJpZCI6MTI4LCJ1cmwiOiJodHRwczpcL1wvd3d3LmJydW5uZW5mZWxkZnJvZXNjaGUuYXRcL2JmZnNcL3dwLWNvbnRlbnRcL3VwbG9hZHNcLzIwMjFcLzAyXC9Tb21tZXJmZXN0MjAxOV8wMjQuanBnIiwic2xpZGVzaG93IjoiN2NiZGVkOCJ9\">\n\t\t\t\t\t<div class=\"e-gallery-image elementor-gallery-item__image\" data-thumbnail=\"https:\/\/www.brunnenfeldfroesche.at\/bffs\/wp-content\/uploads\/2021\/02\/Sommerfest2019_024.jpg\" data-width=\"400\" data-height=\"600\" aria-label=\"\" role=\"img\" ><\/div>\n\t\t\t\t\t\t\t\t\t\t\t<div class=\"elementor-gallery-item__overlay\"><\/div>\n\t\t\t\t\t\t\t\t\t\t\t\t\t\t<\/a>\n\t\t\t\t\t\t\t<a class=\"e-gallery-item elementor-gallery-item elementor-animated-content\" href=\"https:\/\/www.brunnenfeldfroesche.at\/bffs\/wp-content\/uploads\/2021\/02\/Sommerfest2019_026.jpg\" data-elementor-open-lightbox=\"yes\" data-elementor-lightbox-slideshow=\"7cbded8\" data-elementor-lightbox-title=\"Sommerfest2019_026\" data-e-action-hash=\"#elementor-action%3Aaction%3Dlightbox%26settings%3DeyJpZCI6MTMwLCJ1cmwiOiJodHRwczpcL1wvd3d3LmJydW5uZW5mZWxkZnJvZXNjaGUuYXRcL2JmZnNcL3dwLWNvbnRlbnRcL3VwbG9hZHNcLzIwMjFcLzAyXC9Tb21tZXJmZXN0MjAxOV8wMjYuanBnIiwic2xpZGVzaG93IjoiN2NiZGVkOCJ9\">\n\t\t\t\t\t<div class=\"e-gallery-image elementor-gallery-item__image\" data-thumbnail=\"https:\/\/www.brunnenfeldfroesche.at\/bffs\/wp-content\/uploads\/2021\/02\/Sommerfest2019_026.jpg\" data-width=\"400\" data-height=\"600\" aria-label=\"\" role=\"img\" ><\/div>\n\t\t\t\t\t\t\t\t\t\t\t<div class=\"elementor-gallery-item__overlay\"><\/div>\n\t\t\t\t\t\t\t\t\t\t\t\t\t\t<\/a>\n\t\t\t\t\t\t\t<a class=\"e-gallery-item elementor-gallery-item elementor-animated-content\" href=\"https:\/\/www.brunnenfeldfroesche.at\/bffs\/wp-content\/uploads\/2021\/02\/Sommerfest2019_027.jpg\" data-elementor-open-lightbox=\"yes\" data-elementor-lightbox-slideshow=\"7cbded8\" data-elementor-lightbox-title=\"Sommerfest2019_027\" data-e-action-hash=\"#elementor-action%3Aaction%3Dlightbox%26settings%3DeyJpZCI6MTMxLCJ1cmwiOiJodHRwczpcL1wvd3d3LmJydW5uZW5mZWxkZnJvZXNjaGUuYXRcL2JmZnNcL3dwLWNvbnRlbnRcL3VwbG9hZHNcLzIwMjFcLzAyXC9Tb21tZXJmZXN0MjAxOV8wMjcuanBnIiwic2xpZGVzaG93IjoiN2NiZGVkOCJ9\">\n\t\t\t\t\t<div class=\"e-gallery-image elementor-gallery-item__image\" data-thumbnail=\"https:\/\/www.brunnenfeldfroesche.at\/bffs\/wp-content\/uploads\/2021\/02\/Sommerfest2019_027.jpg\" data-width=\"400\" data-height=\"267\" aria-label=\"\" role=\"img\" ><\/div>\n\t\t\t\t\t\t\t\t\t\t\t<div class=\"elementor-gallery-item__overlay\"><\/div>\n\t\t\t\t\t\t\t\t\t\t\t\t\t\t<\/a>\n\t\t\t\t\t\t\t<a class=\"e-gallery-item elementor-gallery-item elementor-animated-content\" href=\"https:\/\/www.brunnenfeldfroesche.at\/bffs\/wp-content\/uploads\/2021\/02\/Sommerfest2019_028.png\" data-elementor-open-lightbox=\"yes\" data-elementor-lightbox-slideshow=\"7cbded8\" data-elementor-lightbox-title=\"Sommerfest2019_028\" data-e-action-hash=\"#elementor-action%3Aaction%3Dlightbox%26settings%3DeyJpZCI6MTMyLCJ1cmwiOiJodHRwczpcL1wvd3d3LmJydW5uZW5mZWxkZnJvZXNjaGUuYXRcL2JmZnNcL3dwLWNvbnRlbnRcL3VwbG9hZHNcLzIwMjFcLzAyXC9Tb21tZXJmZXN0MjAxOV8wMjgucG5nIiwic2xpZGVzaG93IjoiN2NiZGVkOCJ9\">\n\t\t\t\t\t<div class=\"e-gallery-image elementor-gallery-item__image\" data-thumbnail=\"https:\/\/www.brunnenfeldfroesche.at\/bffs\/wp-content\/uploads\/2021\/02\/Sommerfest2019_028.png\" data-width=\"400\" data-height=\"300\" aria-label=\"\" role=\"img\" ><\/div>\n\t\t\t\t\t\t\t\t\t\t\t<div class=\"elementor-gallery-item__overlay\"><\/div>\n\t\t\t\t\t\t\t\t\t\t\t\t\t\t<\/a>\n\t\t\t\t\t<\/div>\n\t\t\t\t\t<\/div>\n\t\t\t\t<\/div>\n\t\t\t\t\t<\/div>\n\t\t\t\t<\/div>\n\t\t\t\t<\/div>\n\t\t","protected":false},"excerpt":{"rendered":"<p>Fr\u00f6sche feiern am Brunnenfeld Stra\u00dfenfest 2019 &#8211; Wie alles begann Bei einigen Bewohnern der Brunnenfeldstra\u00dfe in Sollenau reifte im Fr\u00fchjahr der Plan, mit einem Grillfest die (teils neuen) Nachbarn besser kennen zu lernen und so den Zusammenhalt zu st\u00e4rken. Was als kleine Grillerei geplant war endete in einem Stra\u00dfenfest f\u00fcr den ganzen Ort. Sogar ein [&hellip;]<\/p>\n","protected":false},"author":1,"featured_media":107,"parent":0,"menu_order":0,"comment_status":"closed","ping_status":"closed","template":"","meta":{"footnotes":""},"class_list":["post-105","page","type-page","status-publish","has-post-thumbnail","hentry"],"_links":{"self":[{"href":"https:\/\/www.brunnenfeldfroesche.at\/bffs\/wp-json\/wp\/v2\/pages\/105","targetHints":{"allow":["GET"]}}],"collection":[{"href":"https:\/\/www.brunnenfeldfroesche.at\/bffs\/wp-json\/wp\/v2\/pages"}],"about":[{"href":"https:\/\/www.brunnenfeldfroesche.at\/bffs\/wp-json\/wp\/v2\/types\/page"}],"author":[{"embeddable":true,"href":"https:\/\/www.brunnenfeldfroesche.at\/bffs\/wp-json\/wp\/v2\/users\/1"}],"replies":[{"embeddable":true,"href":"https:\/\/www.brunnenfeldfroesche.at\/bffs\/wp-json\/wp\/v2\/comments?post=105"}],"version-history":[{"count":0,"href":"https:\/\/www.brunnenfeldfroesche.at\/bffs\/wp-json\/wp\/v2\/pages\/105\/revisions"}],"wp:featuredmedia":[{"embeddable":true,"href":"https:\/\/www.brunnenfeldfroesche.at\/bffs\/wp-json\/wp\/v2\/media\/107"}],"wp:attachment":[{"href":"https:\/\/www.brunnenfeldfroesche.at\/bffs\/wp-json\/wp\/v2\/media?parent=105"}],"curies":[{"name":"wp","href":"https:\/\/api.w.org\/{rel}","templated":true}]}}